{"version":"1.0","provider_name":"Kundeservice Corendon (SE)","provider_url":"https:\/\/kundservice.corendon.se","author_name":"Deniz jensen","author_url":"https:\/\/kundservice.corendon.se\/blog\/author\/deniz\/","title":"F\u00f6r dig med ett funktionshinder - Kundeservice Corendon (SE)","type":"rich","width":600,"height":338,"html":"<blockquote class=\"wp-embedded-content\" data-secret=\"ENjPooedt5\"><a href=\"https:\/\/kundservice.corendon.se\/blog\/2021\/11\/24\/for-dig-med-ett-funktionshinder\/\">F\u00f6r dig med ett funktionshinder<\/a><\/blockquote><iframe sandbox=\"allow-scripts\" security=\"restricted\" src=\"https:\/\/kundservice.corendon.se\/blog\/2021\/11\/24\/for-dig-med-ett-funktionshinder\/embed\/#?secret=ENjPooedt5\" width=\"600\" height=\"338\" title=\"&#8220;F\u00f6r dig med ett funktionshinder&#8221; &#8212; Kundeservice Corendon (SE)\" data-secret=\"ENjPooedt5\" frameborder=\"0\" marginwidth=\"0\" marginheight=\"0\" scrolling=\"no\" class=\"wp-embedded-content\"><\/iframe><script type=\"text\/javascript\">\n\/* <![CDATA[ *\/\n\/*! This file is auto-generated *\/\n!function(d,l){\"use strict\";l.querySelector&&d.addEventListener&&\"undefined\"!=typeof URL&&(d.wp=d.wp||{},d.wp.receiveEmbedMessage||(d.wp.receiveEmbedMessage=function(e){var t=e.data;if((t||t.secret||t.message||t.value)&&!\/[^a-zA-Z0-9]\/.test(t.secret)){for(var s,r,n,a=l.querySelectorAll('iframe[data-secret=\"'+t.secret+'\"]'),o=l.querySelectorAll('blockquote[data-secret=\"'+t.secret+'\"]'),c=new RegExp(\"^https?:$\",\"i\"),i=0;i<o.length;i++)o[i].style.display=\"none\";for(i=0;i<a.length;i++)s=a[i],e.source===s.contentWindow&&(s.removeAttribute(\"style\"),\"height\"===t.message?(1e3<(r=parseInt(t.value,10))?r=1e3:~~r<200&&(r=200),s.height=r):\"link\"===t.message&&(r=new URL(s.getAttribute(\"src\")),n=new URL(t.value),c.test(n.protocol))&&n.host===r.host&&l.activeElement===s&&(d.top.location.href=t.value))}},d.addEventListener(\"message\",d.wp.receiveEmbedMessage,!1),l.addEventListener(\"DOMContentLoaded\",function(){for(var e,t,s=l.querySelectorAll(\"iframe.wp-embedded-content\"),r=0;r<s.length;r++)(t=(e=s[r]).getAttribute(\"data-secret\"))||(t=Math.random().toString(36).substring(2,12),e.src+=\"#?secret=\"+t,e.setAttribute(\"data-secret\",t)),e.contentWindow.postMessage({message:\"ready\",secret:t},\"*\")},!1)))}(window,document);\n\/* ]]> *\/\n<\/script>\n","description":"V\u00e5ra resm\u00e5l kan inte betecknas som som l\u00e4mpliga f\u00f6r dig med ett funktionshinder \u2013 terr\u00e4ngen \u00e4r ofta kuperad och trottoarkanterna kan vara h\u00f6ga. V\u00e5ra hotell och semesterl\u00e4genheter kan inte heller betecknas som l\u00e4mpliga, s\u00e5vida det inte uttryckligen anges i beskrivningen. Observera att endast ett f\u00e5tal hotell och rum \u00e4r anpassade vad g\u00e4ller t.ex. d\u00f6rrbredd, toalettf\u00f6rh\u00e5llanden, [&hellip;]"}